{"id":3122,"date":"2022-08-11T13:28:08","date_gmt":"2022-08-11T11:28:08","guid":{"rendered":"https:\/\/thehub-berlin.voidstudio.ru\/artist\/alexander-bailly\/"},"modified":"2024-08-08T17:05:42","modified_gmt":"2024-08-08T15:05:42","slug":"randi-becker","status":"publish","type":"artist","link":"https:\/\/thehub-berlin.org\/de\/artist\/randi-becker\/","title":{"rendered":"Randi Becker"},"content":{"rendered":"\t\t<div data-elementor-type=\"wp-post\" data-elementor-id=\"3122\" class=\"elementor elementor-3122 elementor-1915\" data-elementor-settings=\"[]\">\n\t\t\t\t\t\t\t<div class=\"elementor-section-wrap\">\n\t\t\t\t\t\t\t<section class=\"elementor-section elementor-top-section elementor-element elementor-element-37b169e elementor-section-boxed elementor-section-height-default elementor-section-height-default parallax_section_no qode_elementor_container_no qode-content-aligment-left\" data-id=\"37b169e\" data-element_type=\"section\">\n\t\t\t\t\t\t<div class=\"elementor-container elementor-column-gap-default\">\n\t\t\t\t\t<div class=\"elementor-column elementor-col-33 elementor-top-column elementor-element elementor-element-d337129\" data-id=\"d337129\" data-element_type=\"column\">\n\t\t\t<div class=\"elementor-widget-wrap elementor-element-populated\">\n\t\t\t\t\t\t\t\t<div class=\"elementor-element elementor-element-d9e1765 elementor-widget elementor-widget-image\" data-id=\"d9e1765\" data-element_type=\"widget\" data-widget_type=\"image.default\">\n\t\t\t\t<div class=\"elementor-widget-container\">\n\t\t\t\t\t\t\t\t\t\t\t\t\t\t\t<img width=\"720\" height=\"540\" src=\"https:\/\/thehub-berlin.org\/wp-content\/uploads\/2021\/12\/photo_2024-08-08_13-36-57-720x540.jpg\" class=\"attachment-large size-large\" alt=\"\" loading=\"lazy\" srcset=\"https:\/\/thehub-berlin.org\/wp-content\/uploads\/2021\/12\/photo_2024-08-08_13-36-57-720x540.jpg 720w, https:\/\/thehub-berlin.org\/wp-content\/uploads\/2021\/12\/photo_2024-08-08_13-36-57-300x225.jpg 300w, https:\/\/thehub-berlin.org\/wp-content\/uploads\/2021\/12\/photo_2024-08-08_13-36-57-768x576.jpg 768w, https:\/\/thehub-berlin.org\/wp-content\/uploads\/2021\/12\/photo_2024-08-08_13-36-57-800x600.jpg 800w, https:\/\/thehub-berlin.org\/wp-content\/uploads\/2021\/12\/photo_2024-08-08_13-36-57-700x525.jpg 700w, https:\/\/thehub-berlin.org\/wp-content\/uploads\/2021\/12\/photo_2024-08-08_13-36-57-1100x825.jpg 1100w, https:\/\/thehub-berlin.org\/wp-content\/uploads\/2021\/12\/photo_2024-08-08_13-36-57.jpg 1280w\" sizes=\"(max-width: 720px) 100vw, 720px\" \/>\t\t\t\t\t\t\t\t\t\t\t\t\t\t\t<\/div>\n\t\t\t\t<\/div>\n\t\t\t\t\t<\/div>\n\t\t<\/div>\n\t\t\t\t<div class=\"elementor-column elementor-col-33 elementor-top-column elementor-element elementor-element-0675124\" data-id=\"0675124\" data-element_type=\"column\">\n\t\t\t<div class=\"elementor-widget-wrap elementor-element-populated\">\n\t\t\t\t\t\t\t\t<div class=\"elementor-element elementor-element-41bba22 elementor-widget elementor-widget-text-editor\" data-id=\"41bba22\" data-element_type=\"widget\" data-widget_type=\"text-editor.default\">\n\t\t\t\t<div class=\"elementor-widget-container\">\n\t\t\t\t\t\t\t<p>Randi Becker, geboren 1995 in K\u00f6ln, studierte bis 2020 Modedesign an der Kunsthochschule Berlin-Wei\u00dfensee. Sie lebt und arbeitet in Berlin als Malerin und Videok\u00fcnstlerin. Sie ist Mitinitiatorin und Workshopleiterin des Projektes Octopus von The Hub e.V.<\/p><p>Website: <a href=\"http:\/\/www.randibecker.de\">www.randibecker.de<\/a><\/p>\t\t\t\t\t\t<\/div>\n\t\t\t\t<\/div>\n\t\t\t\t\t<\/div>\n\t\t<\/div>\n\t\t\t\t<div class=\"elementor-column elementor-col-33 elementor-top-column elementor-element elementor-element-7c14e44\" data-id=\"7c14e44\" data-element_type=\"column\">\n\t\t\t<div class=\"elementor-widget-wrap\">\n\t\t\t\t\t\t\t\t\t<\/div>\n\t\t<\/div>\n\t\t\t\t\t\t\t<\/div>\n\t\t<\/section>\n\t\t\t\t\t\t<\/div>\n\t\t\t\t\t<\/div>\n\t\t","protected":false},"excerpt":{"rendered":"<p>Randi Becker, geboren 1995 in K\u00f6ln, studierte bis 2020 Modedesign an der Kunsthochschule Berlin-Wei\u00dfensee. Sie lebt und arbeitet in Berlin als Malerin und Videok\u00fcnstlerin. Sie ist Mitinitiatorin und Workshopleiterin des Projektes Octopus von The Hub e.V. Website: www.randibecker.de<\/p>\n","protected":false},"menu_order":0,"template":"","meta":[],"_links":{"self":[{"href":"https:\/\/thehub-berlin.org\/de\/wp-json\/wp\/v2\/artist\/3122"}],"collection":[{"href":"https:\/\/thehub-berlin.org\/de\/wp-json\/wp\/v2\/artist"}],"about":[{"href":"https:\/\/thehub-berlin.org\/de\/wp-json\/wp\/v2\/types\/artist"}],"version-history":[{"count":18,"href":"https:\/\/thehub-berlin.org\/de\/wp-json\/wp\/v2\/artist\/3122\/revisions"}],"predecessor-version":[{"id":3446,"href":"https:\/\/thehub-berlin.org\/de\/wp-json\/wp\/v2\/artist\/3122\/revisions\/3446"}],"wp:attachment":[{"href":"https:\/\/thehub-berlin.org\/de\/wp-json\/wp\/v2\/media?parent=3122"}],"curies":[{"name":"wp","href":"https:\/\/api.w.org\/{rel}","templated":true}]}}