{"id":3000,"date":"2022-08-10T11:10:58","date_gmt":"2022-08-10T09:10:58","guid":{"rendered":"https:\/\/thehub-berlin.voidstudio.ru\/berlin-biennale-von-mir-aus\/"},"modified":"2022-08-10T11:10:58","modified_gmt":"2022-08-10T09:10:58","slug":"berlin-biennale-von-mir-aus","status":"publish","type":"page","link":"https:\/\/thehub-berlin.org\/de\/berlin-biennale-von-mir-aus\/","title":{"rendered":"Berlin Biennale: von mir aus"},"content":{"rendered":"\t\t<div data-elementor-type=\"wp-page\" data-elementor-id=\"3000\" class=\"elementor elementor-3000 elementor-238\" data-elementor-settings=\"[]\">\n\t\t\t\t\t\t\t<div class=\"elementor-section-wrap\">\n\t\t\t\t\t\t\t<section class=\"elementor-section elementor-top-section elementor-element elementor-element-12d0bf5a elementor-section-boxed elementor-section-height-default elementor-section-height-default parallax_section_no qode_elementor_container_no qode-content-aligment-left\" data-id=\"12d0bf5a\" data-element_type=\"section\">\n\t\t\t\t\t\t<div class=\"elementor-container elementor-column-gap-default\">\n\t\t\t\t\t<div class=\"elementor-column elementor-col-100 elementor-top-column elementor-element elementor-element-7ad6a7c0\" data-id=\"7ad6a7c0\" data-element_type=\"column\">\n\t\t\t<div class=\"elementor-widget-wrap elementor-element-populated\">\n\t\t\t\t\t\t\t\t<div class=\"elementor-element elementor-element-6a852733 elementor-widget elementor-widget-text-editor\" data-id=\"6a852733\" data-element_type=\"widget\" data-widget_type=\"text-editor.default\">\n\t\t\t\t<div class=\"elementor-widget-container\">\n\t\t\t\t\t\t\t<\/p>\n<div class=\"mceTemp\"> <\/div>\n<div class=\"mceTemp\"> <\/div>\n<p><em><span style=\"font-size: medium;\">Berlin Biennale: von mir aus<\/span><\/em><\/p>\n<div id=\"attachment_491\" style=\"width: 410px\" class=\"wp-caption alignnone\"><img loading=\"lazy\" aria-describedby=\"caption-attachment-491\" class=\"wp-image-491 size-full\" src=\"https:\/\/thehub-berlin.voidstudio.ru\/wp-content\/uploads\/2019\/03\/01_Cyanotype_8-copy.jpg\" alt=\"\" width=\"400\" height=\"546\" srcset=\"https:\/\/thehub-berlin.org\/wp-content\/uploads\/2019\/03\/01_Cyanotype_8-copy.jpg 400w, https:\/\/thehub-berlin.org\/wp-content\/uploads\/2019\/03\/01_Cyanotype_8-copy-220x300.jpg 220w\" sizes=\"(max-width: 400px) 100vw, 400px\" \/><p id=\"caption-attachment-491\" class=\"wp-caption-text\">Der bunte Highlight Getto Kiez 2019. Cyanotypie \u00a9 Asli Ceren, Kanita, Lina, Ranim, Aya, Medine, Topal. Workshop mit Alexia Manzano und Jugendlichen des Albert-Schweitzer-Gymnasiums<\/p><\/div>\n<p>Dokumentation fertig \u2013 <a href=\"https:\/\/en.naimaunlimited.com\/library\/berlin-biennalebbvma\/\">hier als epub herunterladen<\/a><\/p>\n<p>Alle zwei Jahre im Sommer str\u00f6men Massen in den Berliner Stadtteil Mitte: Die Berlin Biennale f\u00fcr zeitgen\u00f6ssische Kunst \u00f6ffnet ihre Tore. Wie funktioniert das Format der Biennale \u2013 und welche M\u00f6glichkeiten bietet es uns? Wo und in welcher Weise haben verschiedene gesellschaftliche Gruppen dabei Platz? Was hei\u00dft kuratieren, was bedeutet (ver-)mitteln? Wer f\u00fchlt sich von zeitgen\u00f6ssischer Kunst angesprochen \u2013 und warum?    <\/p>\n<p>In dem Projekt Berlin Biennale: von mir aus stehen Jugendliche im Zentrum, die ihre eigene Ausstellung kuratieren.<a href=\"http:\/\/projects\/berlinbiennale_vonmiraus\/bbvma_kuenstlerinnen\/\" data-wplink-url-error=\"true\"><\/a> In von K\u00fcnstler*innen moderierten k\u00fcnstlerischen Prozessen soll partizipativ eine berlinweite Jugend-Biennale konzipiert werden. Dabei geht es in erster Linie um k\u00fcnstlerische Freiheit, Kuratieren und den eigenen Ausdruck der beteiligten Kinder und Jugendlichen. In der gemeinsamen Projektarbeit stellte sich heraus, dass manche Gruppen in ihrer Mobilit\u00e4t und ihrem Zugang durch die bestehenden Strukturen besser unterst\u00fctzt werden konnten als andere. Das warf f\u00fcr uns Fragen nach kulturellen Kanons und Ungleichheiten im Bildungssystem auf. Wer steht im Zentrum, wer in der Peripherie? Wessen Deutung setzt sich durch? Wie ist es um k\u00fcnstlerische Netzwerke in den unterschiedlichen Berliner Bezirken bestellt? Und so wird in dem Kunstprojekt Berlin Biennale: von mir aus unweigerlich auch von allen Beteiligten die Auseinandersetzung mit gesellschaftlichen Ph\u00e4nomenen gefordert \u2013 wie beispielsweise Spaltungen und parallele Lebenswelten sowie ungerechte Verteilungen von Zug\u00e4ngen und Ressourcen.Es entstanden \u201e<a href=\"\/projects\/berlinbiennale_vonmiraus\/wissenstransfer\/\">Wanderende Formate<\/a>\u201c, die es durch ihre Mobilit\u00e4t grunds\u00e4tzlich erm\u00f6glichen k\u00f6nnen, Inhalte und Erfahrungen \u2013 nicht nur zu diesen Fragen \u2013 in verschiedene Konstellationen der Bezirke weiterzureichen und zu \u00fcbersetzen.<\/p>\n<p>In der ersten Etappe des Kunstprojekts wurde das Biennale-Format im Rahmen von sechs inhaltlich zusammenh\u00e4ngenden Laboren k\u00fcnstlerisch von \u00fcber 120 Kindern und Jugendlichen berlinweit (<a href=\"\/projects\/berlinbiennale_vonmiraus\/bbvma-kreuzberg\/\">Friedrichshain-Kreuzberg<\/a>, <a href=\"\/projects\/berlinbiennale_vonmiraus\/bbvma-lichtenberg\/\">Lichtenberg<\/a>, <a href=\"\/projects\/berlinbiennale_vonmiraus\/bbvma-mitte\/\">Mitte<\/a>, <a href=\"\/projects\/berlinbiennale_vonmiraus\/bbvma-neukoelln\/\">Neuk\u00f6lln<\/a>, <a href=\"\/projects\/berlinbiennale_vonmiraus\/bbvma-pankow\/\">Pankow<\/a>, <a href=\"\/projects\/berlinbiennale_vonmiraus\/bbvma-treptow\/\">Treptow-K\u00f6penick<\/a>) untersucht. K\u00fcnstler*innen des Netzwerkes von The Hub e. V. und Teammitglieder der Berlin Biennale moderierten die Prozesse der jeweiligen Labore. <\/p>\n<p>Im Labor 1, dem ersten der sechs Labore, die das Projekt Berlin Biennale: von mir aus inhaltlich strukturierten, richteten wir den Blick auf die 10. Berlin Biennale als System. Dabei ging es um die Biennale als gesellschaftlich-wirtschaftlicher Mechanismus sowie um Arbeitsfelder in ihrem Kontext. Hier wurden <a href=\"https:\/\/thehub-berlin.voidstudio.ru\/interview-kuratieren-kuratorinnen\/\">Interviews<\/a> durchgef\u00fchrt und es fanden viele interaktive Rundg\u00e4nge und Workshops in den Ausstellungsr\u00e4umen statt.  Im Labor 2 standen wir als beteiligte Subjekte selbst im Zentrum. Daher erforschten wir anhand biografischer Ans\u00e4tze \u00e4sthetische Praktiken in Bezug auf Lebenswelten, wie es zum Beispiel das Projekt Fanzines \u2013 Lied des Erinnerns, aber auch die Kulturellen Rundg\u00e4nge durch Lichtenberg zeigen. Im Labor 3 lag der Schwerpunkt auf der eigenen k\u00fcnstlerischen Produktion, und es entstanden verschiedenste Werkformate, von Kraftobjekten (Bezirk Pankow) \u00fcber einen Kiez-Shop (Bezirk Neuk\u00f6lln) bis hin zu interaktiven Spielen (in der Ausstellung Sei kein Egospieler!). Im Labor 4 kuratierte ein Team von Jugendlichen die Ausstellung Sei kein Egospieler! im Projektraum \u2013 Kunstquartier Bethanien. In diesem Rahmen f\u00fchrten Jugendliche aus Neuk\u00f6lln und Kreuzberg zahlreiche interaktive Rundg\u00e4nge mit Besucher*innen unterschiedlichster Generationen durch.    <\/p>\n<div id=\"attachment_575\" style=\"width: 610px\" class=\"wp-caption alignnone\"><img loading=\"lazy\" aria-describedby=\"caption-attachment-575\" class=\"size-full wp-image-575\" src=\"https:\/\/thehub-berlin.voidstudio.ru\/wp-content\/uploads\/2019\/03\/MG_4009_KW_victoria_tomaschko.jpg\" alt=\"\" width=\"600\" height=\"400\" srcset=\"https:\/\/thehub-berlin.org\/wp-content\/uploads\/2019\/03\/MG_4009_KW_victoria_tomaschko.jpg 600w, https:\/\/thehub-berlin.org\/wp-content\/uploads\/2019\/03\/MG_4009_KW_victoria_tomaschko-300x200.jpg 300w\" sizes=\"(max-width: 600px) 100vw, 600px\" \/><p id=\"caption-attachment-575\" class=\"wp-caption-text\"><em>Labor 1, Fanzines. Lied des Erinnerns <\/em> \/ Lichtenberg \u00a9 Victoria Tomaschko<\/p><\/div><div id=\"attachment_690\" style=\"width: 610px\" class=\"wp-caption alignnone\"><img loading=\"lazy\" aria-describedby=\"caption-attachment-690\" class=\"size-full wp-image-690\" src=\"https:\/\/thehub-berlin.voidstudio.ru\/wp-content\/uploads\/2019\/03\/4E9A1728_Tomaschko.jpg\" alt=\"\" width=\"600\" height=\"400\" srcset=\"https:\/\/thehub-berlin.org\/wp-content\/uploads\/2019\/03\/4E9A1728_Tomaschko.jpg 600w, https:\/\/thehub-berlin.org\/wp-content\/uploads\/2019\/03\/4E9A1728_Tomaschko-300x200.jpg 300w\" sizes=\"(max-width: 600px) 100vw, 600px\" \/><p id=\"caption-attachment-690\" class=\"wp-caption-text\">Pr\u00e4sentation Sei kein Egospieler! Dialoge zu Neuinterpretationen \/ Kreuzberg \u00a9 Victoria Tomaschko<\/p><\/div>\n<p>Im Labor 5 wurden die Erfahrungen gemeinsam ausgewertet, um im Labor 6 dann mit einer partizipativen, \u00fcberbezirklich agierenden Arbeitsgruppe Jugendlicher das Konzept f\u00fcr eine Jugend-Biennale 2020 zu entwickeln.<\/p>\n<p>Das Kunstprojekt Berlin Biennale: von mir aus in sechs Berliner Bezirken, initiiert und konzipiert von Mona Jas f\u00fcr The Hub e. V. in der Zusammenarbeit mit dem Johann-Gottfried-Herder-Gymnasium und der Berlin Biennale f\u00fcr zeitgen\u00f6ssische Kunst, wird gef\u00f6rdert vom Berliner Projektfonds Kulturelle Bildung und unterst\u00fctzt vom Landesprogramm Kulturagenten f\u00fcr kreative Schulen Berlin. <\/p>\n<p><img loading=\"lazy\" class=\"alignleft wp-image-1118\" style=\"font-size: 1rem;\" src=\"https:\/\/thehub-berlin.voidstudio.ru\/wp-content\/uploads\/2019\/04\/BB_1_Black-720x53.png\" alt=\"\" width=\"137\" height=\"10\" srcset=\"https:\/\/thehub-berlin.org\/wp-content\/uploads\/2019\/04\/BB_1_Black-720x53.png 720w, https:\/\/thehub-berlin.org\/wp-content\/uploads\/2019\/04\/BB_1_Black-300x22.png 300w, https:\/\/thehub-berlin.org\/wp-content\/uploads\/2019\/04\/BB_1_Black-768x56.png 768w, https:\/\/thehub-berlin.org\/wp-content\/uploads\/2019\/04\/BB_1_Black-624x46.png 624w\" sizes=\"(max-width: 137px) 100vw, 137px\" \/><\/p>\n<p><img loading=\"lazy\" class=\"alignright wp-image-1114\" src=\"https:\/\/thehub-berlin.voidstudio.ru\/wp-content\/uploads\/2019\/04\/kpb-logo_projektfonds-kulturelle-bildung_pf-720x93.jpg\" alt=\"\" width=\"233\" height=\"30\" srcset=\"https:\/\/thehub-berlin.org\/wp-content\/uploads\/2019\/04\/kpb-logo_projektfonds-kulturelle-bildung_pf-720x93.jpg 720w, https:\/\/thehub-berlin.org\/wp-content\/uploads\/2019\/04\/kpb-logo_projektfonds-kulturelle-bildung_pf-300x39.jpg 300w, https:\/\/thehub-berlin.org\/wp-content\/uploads\/2019\/04\/kpb-logo_projektfonds-kulturelle-bildung_pf-768x99.jpg 768w, https:\/\/thehub-berlin.org\/wp-content\/uploads\/2019\/04\/kpb-logo_projektfonds-kulturelle-bildung_pf-624x80.jpg 624w\" sizes=\"(max-width: 233px) 100vw, 233px\" \/><\/p>\n<p><img loading=\"lazy\" class=\"alignleft wp-image-1117\" src=\"https:\/\/thehub-berlin.voidstudio.ru\/wp-content\/uploads\/2019\/04\/KuAg_Logo_Berlin-720x466.jpg\" alt=\"\" width=\"77\" height=\"50\" srcset=\"https:\/\/thehub-berlin.org\/wp-content\/uploads\/2019\/04\/KuAg_Logo_Berlin-720x466.jpg 720w, https:\/\/thehub-berlin.org\/wp-content\/uploads\/2019\/04\/KuAg_Logo_Berlin-300x194.jpg 300w, https:\/\/thehub-berlin.org\/wp-content\/uploads\/2019\/04\/KuAg_Logo_Berlin-768x497.jpg 768w, https:\/\/thehub-berlin.org\/wp-content\/uploads\/2019\/04\/KuAg_Logo_Berlin-624x404.jpg 624w, https:\/\/thehub-berlin.org\/wp-content\/uploads\/2019\/04\/KuAg_Logo_Berlin.jpg 1735w\" sizes=\"(max-width: 77px) 100vw, 77px\" \/><\/p>\n<div id=\"attachment_567\" style=\"width: 610px\" class=\"wp-caption alignnone\"><img loading=\"lazy\" aria-describedby=\"caption-attachment-567\" class=\"size-full wp-image-567\" src=\"https:\/\/thehub-berlin.voidstudio.ru\/wp-content\/uploads\/2019\/03\/4E9A1757_Tomaschko.jpg\" alt=\"\" width=\"600\" height=\"400\" srcset=\"https:\/\/thehub-berlin.org\/wp-content\/uploads\/2019\/03\/4E9A1757_Tomaschko.jpg 600w, https:\/\/thehub-berlin.org\/wp-content\/uploads\/2019\/03\/4E9A1757_Tomaschko-300x200.jpg 300w\" sizes=\"(max-width: 600px) 100vw, 600px\" \/><p id=\"caption-attachment-567\" class=\"wp-caption-text\"><em>Pr\u00e4sentation Sei kein Egospieler! Common Practise <\/em> \/ Pankow \u00a9 Victoria Tomaschko<\/p><\/div>\n<p><strong>K\u00fcnstlerische Leitung<\/strong> Magdalena Beger (Projektentwicklung, Moderation), Mona Jas (Gesamtprojekt), Alexia Manzano (Kooperation, Netzwerke), Maja-Lena Pastor (Projektentwicklung, Koordination)<\/p>\n<p><strong>K\u00fcnstlerische Workshop-Leitung<\/strong> Alexandre Bailly, Magdalena Beger, Carsten Cremer, Marlon Denzel van Rooyen, Anna Ehrenstein, Lydia Hamann, Sara Haq, \u00dcnal I\u011fde, Maria Janus, Anton Kats, Alexandra Kersten, Seraphina Lenz, Ulrike Majewski, Alexia Manzano, Heiko Tandeka Ncube, Gregor Pfeffer, Julia Schramm, Katja Ullmann, Johanna Unzueta, Sarah Wenzinger, Daria Zorkina<\/p>\n<p><strong>K\u00fcnstlerische Leitung AG Junge Kunst aus 6 Bezirken<\/strong> Asli Ceren, Emma Flo\u00dfmann, Lucia Kolodziej, Amanda Lechner, Kora Prei\u00dfler, Imaya Ugwonno, Asya Yilmaz<\/p>\n<p><strong>K\u00fcnstlerische Beratung und Moderation<\/strong> Daniela Bystron und Sarah Wenzinger (dialogische Rundg\u00e4nge), Seraphina Lenz (Kuration], Marisa Maza (Produktion, Kuration, Aufbau)<\/p>\n<p><strong>Fotografie<\/strong> Victoria Tomaschko<\/p>\n<p><strong>Schulen, Kitas und Jugendeinrichtungen:<\/strong><\/p>\n<ul>\n<li>Albert-Schweitzer-Schule Berlin (Neuk\u00f6lln)<\/li>\n<li>BASE 24: Kindertreff (Treptow-K\u00f6penick)<\/li>\n<li>Berlin Metropolitan School (Mitte)<\/li>\n<li>Carl-von-Ossietzky-Gemeinschaftsschule (Friedrichshain-Kreuzberg)<\/li>\n<li>Carl-von-Linn\u00e9 Schule-F\u00f6rderschule mit dem sonderp\u00e4dagogischen F\u00f6rderschwerpunkt motorische und k\u00f6rperliche Entwicklung (Lichtenberg)<\/li>\n<li>Dathe-Gymnasium (Friedrichshain-Kreuzberg)<\/li>\n<li>Evangelische Kita Sophien (Mitte)<\/li>\n<li>Johann-Gottfried-Herder Gymnasium (Lichtenberg)<\/li>\n<li>Heinz-Brandt-Schule Berlin (Pankow)<\/li>\n<li>Kita Kleine Auguststra\u00dfe (Mitte)<\/li>\n<li>Oberstufenzentrum K\u00f6rperpflege (Charlottenburg-Wilmersdorf)<\/li>\n<li>Kiezband im Kosmoskiez \u2013 Wetek (Treptow-K\u00f6penick)<\/li>\n<li>Medienetage Treptow \u2013 Wetek (Treptow-K\u00f6penick)<\/li>\n<li>Tube Jugendclub (Lichtenberg)<\/li>\n<\/ul>\n<div id=\"attachment_886\" style=\"width: 610px\" class=\"wp-caption alignnone\"><img loading=\"lazy\" aria-describedby=\"caption-attachment-886\" class=\"wp-image-886\" src=\"https:\/\/thehub-berlin.voidstudio.ru\/wp-content\/uploads\/2019\/03\/4E9A0303_Tomaschko-720x480.jpg\" alt=\"\" width=\"600\" height=\"400\" srcset=\"https:\/\/thehub-berlin.org\/wp-content\/uploads\/2019\/03\/4E9A0303_Tomaschko-720x480.jpg 720w, https:\/\/thehub-berlin.org\/wp-content\/uploads\/2019\/03\/4E9A0303_Tomaschko-300x200.jpg 300w, https:\/\/thehub-berlin.org\/wp-content\/uploads\/2019\/03\/4E9A0303_Tomaschko-768x512.jpg 768w, https:\/\/thehub-berlin.org\/wp-content\/uploads\/2019\/03\/4E9A0303_Tomaschko-624x416.jpg 624w\" sizes=\"(max-width: 600px) 100vw, 600px\" \/><p id=\"caption-attachment-886\" class=\"wp-caption-text\"><em>Sei kein Egospieler! \u2013 Besucher*innen diskutieren \u00fcber Arbeiten von Common Practise <\/em> \/ Pankow \u00a9 Victoria Tomaschko<\/p><\/div>\n<p><strong>Kunst- und Kultureinrichtungen:<\/strong><\/p>\n<ul>\n<li>Berlin Biennale f\u00fcr zeitgen\u00f6ssische Kunst KUNST-WERKE BERLIN e.V.<\/li>\n<li>Kinderatelier Farbklang<\/li>\n<li>Projektraum Kunstquartier\/Bethanien<\/li>\n<li>Weinmeisterhaus<\/li>\n<li>Young Arts Neuk\u00f6lln\/Jugendkunstschule<\/li>\n<\/ul>\n<p><strong>Hochschuleinrichtungen:<\/strong><\/p>\n<ul>\n<li>Humboldt Universit\u00e4t zu Berlin: Kleine Humboldt Galerie<\/li>\n<li>wei\u00dfensee kunsthochschule berlin<\/li>\n<\/ul>\n<p class=\"uppercase\">\u00dcber die Berlin Biennale hinaus: <a href=\"http:\/\/bb10.berlinbiennale.de\/de\/vermittlung\" target=\"_blank\" rel=\"noopener\">http:\/\/bb10.berlinbiennale.de\/de\/vermittlung<\/a><\/p>\n<p>zeichnerische Miniaturen <a href=\"https:\/\/www.instagram.com\/p\/BkrpxFnhrHp\/\">Instagram<\/a><\/p>\n<div id=\"attachment_565\" style=\"width: 610px\" class=\"wp-caption alignnone\"><img loading=\"lazy\" aria-describedby=\"caption-attachment-565\" class=\"wp-image-565 size-full\" src=\"https:\/\/thehub-berlin.voidstudio.ru\/wp-content\/uploads\/2019\/03\/4E9A1740_Tomaschko.jpg\" alt=\"\" width=\"600\" height=\"400\" srcset=\"https:\/\/thehub-berlin.org\/wp-content\/uploads\/2019\/03\/4E9A1740_Tomaschko.jpg 600w, https:\/\/thehub-berlin.org\/wp-content\/uploads\/2019\/03\/4E9A1740_Tomaschko-300x200.jpg 300w\" sizes=\"(max-width: 600px) 100vw, 600px\" \/><p id=\"caption-attachment-565\" class=\"wp-caption-text\"><em>Dokumentationsfotos in der Ausstellung \u201aSei kein Egospieler!\u2018<\/em> \u00a9 Victoria Tomaschko<\/p><\/div>\n\t\t\t\t\t\t<\/div>\n\t\t\t\t<\/div>\n\t\t\t\t\t<\/div>\n\t\t<\/div>\n\t\t\t\t\t\t\t<\/div>\n\t\t<\/section>\n\t\t\t\t\t\t<\/div>\n\t\t\t\t\t<\/div>\n\t\t","protected":false},"excerpt":{"rendered":"<p>Berlin Biennale: von mir aus Dokumentation fertig \u2013 hier als epub herunterladen Alle zwei Jahre im Sommer str\u00f6men Massen in den Berliner Stadtteil Mitte: Die Berlin Biennale f\u00fcr zeitgen\u00f6ssische Kunst \u00f6ffnet ihre Tore. Wie funktioniert das Format der Biennale \u2013 und welche M\u00f6glichkeiten bietet es&#8230;<\/p>\n","protected":false},"author":2,"featured_media":0,"parent":0,"menu_order":0,"comment_status":"closed","ping_status":"closed","template":"","meta":[],"_links":{"self":[{"href":"https:\/\/thehub-berlin.org\/de\/wp-json\/wp\/v2\/pages\/3000"}],"collection":[{"href":"https:\/\/thehub-berlin.org\/de\/wp-json\/wp\/v2\/pages"}],"about":[{"href":"https:\/\/thehub-berlin.org\/de\/wp-json\/wp\/v2\/types\/page"}],"author":[{"embeddable":true,"href":"https:\/\/thehub-berlin.org\/de\/wp-json\/wp\/v2\/users\/2"}],"replies":[{"embeddable":true,"href":"https:\/\/thehub-berlin.org\/de\/wp-json\/wp\/v2\/comments?post=3000"}],"version-history":[{"count":1,"href":"https:\/\/thehub-berlin.org\/de\/wp-json\/wp\/v2\/pages\/3000\/revisions"}],"predecessor-version":[{"id":3001,"href":"https:\/\/thehub-berlin.org\/de\/wp-json\/wp\/v2\/pages\/3000\/revisions\/3001"}],"wp:attachment":[{"href":"https:\/\/thehub-berlin.org\/de\/wp-json\/wp\/v2\/media?parent=3000"}],"curies":[{"name":"wp","href":"https:\/\/api.w.org\/{rel}","templated":true}]}}