{"id":2720,"date":"2021-12-19T19:31:17","date_gmt":"2021-12-19T18:31:17","guid":{"rendered":"https:\/\/thehub-berlin.voidstudio.ru\/project\/berlin-biennale-von-mir-aus\/"},"modified":"2023-01-20T09:16:34","modified_gmt":"2023-01-20T08:16:34","slug":"berlinbiennale_vonmiraus","status":"publish","type":"project","link":"https:\/\/thehub-berlin.org\/de\/project\/berlinbiennale_vonmiraus\/","title":{"rendered":"Berlin Biennale: von mir aus"},"content":{"rendered":"\t\t<div data-elementor-type=\"wp-post\" data-elementor-id=\"2720\" class=\"elementor elementor-2720 elementor-1614\" data-elementor-settings=\"[]\">\n\t\t\t\t\t\t\t<div class=\"elementor-section-wrap\">\n\t\t\t\t\t\t\t<section class=\"elementor-section elementor-top-section elementor-element elementor-element-bf26b6e elementor-section-boxed elementor-section-height-default elementor-section-height-default parallax_section_no qode_elementor_container_no qode-content-aligment-left\" data-id=\"bf26b6e\" data-element_type=\"section\">\n\t\t\t\t\t\t<div class=\"elementor-container elementor-column-gap-default\">\n\t\t\t\t\t<div class=\"elementor-column elementor-col-50 elementor-top-column elementor-element elementor-element-5f41e6b\" data-id=\"5f41e6b\" data-element_type=\"column\">\n\t\t\t<div class=\"elementor-widget-wrap elementor-element-populated\">\n\t\t\t\t\t\t\t\t<div class=\"elementor-element elementor-element-80ab522 elementor-widget elementor-widget-text-editor\" data-id=\"80ab522\" data-element_type=\"widget\" data-widget_type=\"text-editor.default\">\n\t\t\t\t<div class=\"elementor-widget-container\">\n\t\t\t\t\t\t\t<p>Dokumentation fertig \u2013 <a href=\"https:\/\/en.naimaunlimited.com\/library\/berlin-biennalebbvma\/\">hier als epub herunterladen<\/a><\/p>\n<\/p>\n<p>Alle zwei Jahre im Sommer str\u00f6men Massen in den Berliner Stadtteil Mitte: Die Berlin Biennale f\u00fcr zeitgen\u00f6ssische Kunst \u00f6ffnet ihre Tore. Wie funktioniert das Format der Biennale \u2013 und welche M\u00f6glichkeiten bietet es uns? Wo und in welcher Weise haben verschiedene gesellschaftliche Gruppen dabei Platz? Was hei\u00dft kuratieren, was bedeutet (ver-)mitteln? Wer f\u00fchlt sich von zeitgen\u00f6ssischer Kunst angesprochen \u2013 und warum?    <\/p>\n<\/p>\n<p>In dem Projekt Berlin Biennale: von mir aus stehen Jugendliche im Zentrum, die ihre eigene Ausstellung kuratieren. In von K\u00fcnstler*innen moderierten k\u00fcnstlerischen Prozessen soll partizipativ eine berlinweite Jugend-Biennale konzipiert werden. Dabei geht es in erster Linie um k\u00fcnstlerische Freiheit, Kuratieren und den eigenen Ausdruck der beteiligten Kinder und Jugendlichen. In der gemeinsamen Projektarbeit stellte sich heraus, dass manche Gruppen in ihrer Mobilit\u00e4t und ihrem Zugang durch die bestehenden Strukturen besser unterst\u00fctzt werden konnten als andere.    Das warf f\u00fcr uns Fragen nach kulturellen Kanons und Ungleichheiten im Bildungssystem auf. Wer steht im Zentrum, wer in der Peripherie? Wessen Deutung setzt sich durch? Wie ist es um k\u00fcnstlerische Netzwerke in den unterschiedlichen Berliner Bezirken bestellt? Und so wird in dem Kunstprojekt Berlin Biennale: von mir aus unweigerlich auch von allen Beteiligten die Auseinandersetzung mit gesellschaftlichen Ph\u00e4nomenen gefordert \u2013 wie beispielsweise Spaltungen und parallele Lebenswelten sowie ungerechte Verteilungen von Zug\u00e4ngen und Ressourcen.     Es entstanden \u201eWanderende Formate\u201c, die es durch ihre Mobilit\u00e4t grunds\u00e4tzlich erm\u00f6glichen k\u00f6nnen, Inhalte und Erfahrungen \u2013 nicht nur zu diesen Fragen \u2013 in verschiedene Konstellationen der Bezirke weiterzureichen und zu \u00fcbersetzen.<\/p>\n\t\t\t\t\t\t<\/div>\n\t\t\t\t<\/div>\n\t\t\t\t\t<\/div>\n\t\t<\/div>\n\t\t\t\t<div class=\"elementor-column elementor-col-50 elementor-top-column elementor-element elementor-element-ac1aa80\" data-id=\"ac1aa80\" data-element_type=\"column\">\n\t\t\t<div class=\"elementor-widget-wrap elementor-element-populated\">\n\t\t\t\t\t\t\t\t<div class=\"elementor-element elementor-element-5231c6a elementor-widget elementor-widget-image\" data-id=\"5231c6a\" data-element_type=\"widget\" data-widget_type=\"image.default\">\n\t\t\t\t<div class=\"elementor-widget-container\">\n\t\t\t\t\t\t\t\t\t\t\t\t\t\t\t<img width=\"400\" height=\"546\" src=\"https:\/\/thehub-berlin.org\/wp-content\/uploads\/2019\/03\/01_Cyanotype_8-copy-1.jpg\" class=\"attachment-large size-large\" alt=\"\" loading=\"lazy\" srcset=\"https:\/\/thehub-berlin.org\/wp-content\/uploads\/2019\/03\/01_Cyanotype_8-copy-1.jpg 400w, https:\/\/thehub-berlin.org\/wp-content\/uploads\/2019\/03\/01_Cyanotype_8-copy-1-220x300.jpg 220w\" sizes=\"(max-width: 400px) 100vw, 400px\" \/>\t\t\t\t\t\t\t\t\t\t\t\t\t\t\t<\/div>\n\t\t\t\t<\/div>\n\t\t\t\t\t<\/div>\n\t\t<\/div>\n\t\t\t\t\t\t\t<\/div>\n\t\t<\/section>\n\t\t\t\t<section class=\"elementor-section elementor-top-section elementor-element elementor-element-a2c049d elementor-section-boxed elementor-section-height-default elementor-section-height-default parallax_section_no qode_elementor_container_no qode-content-aligment-left\" data-id=\"a2c049d\" data-element_type=\"section\">\n\t\t\t\t\t\t<div class=\"elementor-container elementor-column-gap-default\">\n\t\t\t\t\t<div class=\"elementor-column elementor-col-100 elementor-top-column elementor-element elementor-element-8c592de\" data-id=\"8c592de\" data-element_type=\"column\">\n\t\t\t<div class=\"elementor-widget-wrap elementor-element-populated\">\n\t\t\t\t\t\t\t\t<div class=\"elementor-element elementor-element-6f60aba elementor-widget elementor-widget-text-editor\" data-id=\"6f60aba\" data-element_type=\"widget\" data-widget_type=\"text-editor.default\">\n\t\t\t\t<div class=\"elementor-widget-container\">\n\t\t\t\t\t\t\t<p>In der ersten Etappe des Kunstprojekts wurde das Biennale-Format im Rahmen von sechs inhaltlich zusammenh\u00e4ngenden Laboren k\u00fcnstlerisch von \u00fcber 120 Kindern und Jugendlichen berlinweit (<a href=\"\/projects\/berlinbiennale_vonmiraus\/bbvma-kreuzberg\/\">Friedrichshain-Kreuzberg<\/a>, <a href=\"\/projects\/berlinbiennale_vonmiraus\/bbvma-lichtenberg\/\">Lichtenberg<\/a>, <a href=\"\/projects\/berlinbiennale_vonmiraus\/bbvma-mitte\/\">Mitte<\/a>, <a href=\"\/projects\/berlinbiennale_vonmiraus\/bbvma-neukoelln\/\">Neuk\u00f6lln<\/a>, <a href=\"\/projects\/berlinbiennale_vonmiraus\/bbvma-pankow\/\">Pankow<\/a>, <a href=\"\/projects\/berlinbiennale_vonmiraus\/bbvma-treptow\/\">Treptow-K\u00f6penick<\/a>) untersucht. K\u00fcnstler*innen des Netzwerkes von The Hub e. V. und Teammitglieder der Berlin Biennale moderierten die Prozesse der jeweiligen Labore. <\/p>\n<\/p>\n<p>Im Labor 1, dem ersten der sechs Labore, die das Projekt Berlin Biennale: von mir aus inhaltlich strukturierten, richteten wir den Blick auf die 10. Berlin Biennale als System. Dabei ging es um die Biennale als gesellschaftlich-wirtschaftlicher Mechanismus sowie um Arbeitsfelder in ihrem Kontext. Hier wurden Interviews durchgef\u00fchrt und es fanden viele interaktive Rundg\u00e4nge und Workshops in den Ausstellungsr\u00e4umen statt.  <\/p>\n<\/p>\n<p>Im Labor 2 standen wir als beteiligte Subjekte selbst im Zentrum. Daher erforschten wir anhand biografischer Ans\u00e4tze \u00e4sthetische Praktiken in Bezug auf Lebenswelten, wie es zum Beispiel das Projekt Fanzines \u2013 Lied des Erinnerns, aber auch die Kulturellen Rundg\u00e4nge durch Lichtenberg zeigen. <\/p>\n<\/p>\n<p>Im Labor 3 lag der Schwerpunkt auf der eigenen k\u00fcnstlerischen Produktion, und es entstanden verschiedenste Werkformate, von Kraftobjekten (Bezirk Pankow) \u00fcber einen Kiez-Shop (Bezirk Neuk\u00f6lln) bis hin zu interaktiven Spielen (in der Ausstellung Sei kein Egospieler!).<\/p>\n<\/p>\n<p>Im Labor 4 kuratierte ein Team von Jugendlichen die Ausstellung Sei kein Egospieler! im Projektraum \u2013 Kunstquartier Bethanien. In diesem Rahmen f\u00fchrten Jugendliche aus Neuk\u00f6lln und Kreuzberg zahlreiche interaktive Rundg\u00e4nge mit Besucher*innen unterschiedlichster Generationen durch. <\/p>\n\t\t\t\t\t\t<\/div>\n\t\t\t\t<\/div>\n\t\t\t\t\t<\/div>\n\t\t<\/div>\n\t\t\t\t\t\t\t<\/div>\n\t\t<\/section>\n\t\t\t\t<section class=\"elementor-section elementor-top-section elementor-element elementor-element-780c5a7 elementor-section-boxed elementor-section-height-default elementor-section-height-default parallax_section_no qode_elementor_container_no qode-content-aligment-left\" data-id=\"780c5a7\" data-element_type=\"section\">\n\t\t\t\t\t\t<div class=\"elementor-container elementor-column-gap-default\">\n\t\t\t\t\t<div class=\"elementor-column elementor-col-100 elementor-top-column elementor-element elementor-element-1e40aa5\" data-id=\"1e40aa5\" data-element_type=\"column\">\n\t\t\t<div class=\"elementor-widget-wrap elementor-element-populated\">\n\t\t\t\t\t\t\t\t<div class=\"elementor-element elementor-element-e460690 elementor-widget elementor-widget-qi_addons_for_elementor_blockquote\" data-id=\"e460690\" data-element_type=\"widget\" data-widget_type=\"qi_addons_for_elementor_blockquote.default\">\n\t\t\t\t<div class=\"elementor-widget-container\">\n\t\t\t<div class=\"qodef-shortcode qodef-m  qodef-qi-blockquote qodef-layout--top qodef--icon-pack\">\n\t\t\t<div class=\"qodef-m-icon\">\n\t\t\t<i aria-hidden=\"true\" class=\"fas fa-quote-right\"><\/i>\t\t<\/div>\n\t\t\t\t<h4 class=\"qodef-m-text\">\n\t\t\tIm Labor 5 wurden die Erfahrungen gemeinsam ausgewertet, um im Labor 6 dann mit einer partizipativen, \u00fcberbezirklich agierenden Arbeitsgruppe Jugendlicher das Konzept f\u00fcr eine Jugend-Biennale 2020 zu entwickeln.\t\t<\/h4>\n\t<\/div>\n\t\t<\/div>\n\t\t\t\t<\/div>\n\t\t\t\t\t<\/div>\n\t\t<\/div>\n\t\t\t\t\t\t\t<\/div>\n\t\t<\/section>\n\t\t\t\t<section class=\"elementor-section elementor-top-section elementor-element elementor-element-d6eaa89 elementor-section-boxed elementor-section-height-default elementor-section-height-default parallax_section_no qode_elementor_container_no qode-content-aligment-left\" data-id=\"d6eaa89\" data-element_type=\"section\">\n\t\t\t\t\t\t<div class=\"elementor-container elementor-column-gap-default\">\n\t\t\t\t\t<div class=\"elementor-column elementor-col-100 elementor-top-column elementor-element elementor-element-21d9622\" data-id=\"21d9622\" data-element_type=\"column\">\n\t\t\t<div class=\"elementor-widget-wrap elementor-element-populated\">\n\t\t\t\t\t\t\t\t<div class=\"elementor-element elementor-element-0f92932 elementor-widget elementor-widget-text-editor\" data-id=\"0f92932\" data-element_type=\"widget\" data-widget_type=\"text-editor.default\">\n\t\t\t\t<div class=\"elementor-widget-container\">\n\t\t\t\t\t\t\t<p><strong>Fotografie<\/strong> Victoria Tomaschko<\/p>\n<\/p>\n<p><strong>Schulen, Kitas und Jugendeinrichtungen:<br \/><\/strong><\/p>\n<ul>\n<li>Albert-Schweitzer-Schule Berlin (Neuk\u00f6lln)<\/li>\n<li>BASE 24: Kindertreff (Treptow-K\u00f6penick)<\/li>\n<li>Berlin Metropolitan School (Mitte)<\/li>\n<li>Carl-von-Ossietzky-Gemeinschaftsschule (Friedrichshain-Kreuzberg)<\/li>\n<li>Carl-von-Linn\u00e9 Schule-F\u00f6rderschule mit dem sonderp\u00e4dagogischen F\u00f6rderschwerpunkt motorische und k\u00f6rperliche Entwicklung (Lichtenberg)<\/li>\n<li>Dathe-Gymnasium (Friedrichshain-Kreuzberg)<\/li>\n<li>Evangelische Kita Sophien (Mitte)<\/li>\n<li>Johann-Gottfried-Herder Gymnasium (Lichtenberg)<\/li>\n<li>Heinz-Brandt-Schule Berlin (Pankow)<\/li>\n<li>Kita Kleine Auguststra\u00dfe (Mitte)<\/li>\n<li>Oberstufenzentrum K\u00f6rperpflege (Charlottenburg-Wilmersdorf)<\/li>\n<li>Kiezband im Kosmoskiez \u2013 Wetek (Treptow-K\u00f6penick)<\/li>\n<li>Medienetage Treptow \u2013 Wetek (Treptow-K\u00f6penick)<\/li>\n<li>Tube Jugendclub (Lichtenberg)<\/li>\n<\/ul>\n\t\t\t\t\t\t<\/div>\n\t\t\t\t<\/div>\n\t\t\t\t\t<\/div>\n\t\t<\/div>\n\t\t\t\t\t\t\t<\/div>\n\t\t<\/section>\n\t\t\t\t<section class=\"elementor-section elementor-top-section elementor-element elementor-element-dc805fe elementor-section-boxed elementor-section-height-default elementor-section-height-default parallax_section_no qode_elementor_container_no qode-content-aligment-left\" data-id=\"dc805fe\" data-element_type=\"section\">\n\t\t\t\t\t\t<div class=\"elementor-container elementor-column-gap-default\">\n\t\t\t\t\t<div class=\"elementor-column elementor-col-100 elementor-top-column elementor-element elementor-element-3057de7\" data-id=\"3057de7\" data-element_type=\"column\">\n\t\t\t<div class=\"elementor-widget-wrap elementor-element-populated\">\n\t\t\t\t\t\t\t\t<div class=\"elementor-element elementor-element-e42e911 elementor-widget elementor-widget-qi_addons_for_elementor_image_gallery_pinterest\" data-id=\"e42e911\" data-element_type=\"widget\" data-widget_type=\"qi_addons_for_elementor_image_gallery_pinterest.default\">\n\t\t\t\t<div class=\"elementor-widget-container\">\n\t\t\t<div class=\"qodef-shortcode qodef-m  qodef-qi-image-gallery-pinterest qodef-qi-fslightbox-popup qodef-popup-gallery qodef-image--hover-zoom  qodef-qi-grid qodef-layout--qi-masonry  qodef-col-num--3   qodef-responsive--predefined\">\n\t<div class=\"qodef-grid-inner\">\n\t\t\t<div class=\"qodef-qi-grid-masonry-sizer\"><\/div>\n<div class=\"qodef-e qodef-image-wrapper qodef-grid-item\">\n\t<div class=\"qodef-e-inner\">\n\t\t\t\t\t<a class=\"qodef-popup-item\" itemprop=\"image\" href=\"https:\/\/thehub-berlin.org\/wp-content\/uploads\/2019\/04\/MG_4309_KW_Tomaschko.jpg\" data-type=\"image\" data-fslightbox=\"gallery-181\">\n\t\t\t\t\t<img width=\"5616\" height=\"3744\" src=\"https:\/\/thehub-berlin.org\/wp-content\/uploads\/2019\/04\/MG_4309_KW_Tomaschko.jpg\" class=\"attachment-full size-full\" alt=\"\" loading=\"lazy\" srcset=\"https:\/\/thehub-berlin.org\/wp-content\/uploads\/2019\/04\/MG_4309_KW_Tomaschko.jpg 5616w, https:\/\/thehub-berlin.org\/wp-content\/uploads\/2019\/04\/MG_4309_KW_Tomaschko-300x200.jpg 300w, https:\/\/thehub-berlin.org\/wp-content\/uploads\/2019\/04\/MG_4309_KW_Tomaschko-768x512.jpg 768w, https:\/\/thehub-berlin.org\/wp-content\/uploads\/2019\/04\/MG_4309_KW_Tomaschko-720x480.jpg 720w, https:\/\/thehub-berlin.org\/wp-content\/uploads\/2019\/04\/MG_4309_KW_Tomaschko-624x416.jpg 624w\" sizes=\"(max-width: 5616px) 100vw, 5616px\" \/>\t\t\t\t\t<\/a>\n\t\t\t<\/div>\n<\/div>\n<div class=\"qodef-e qodef-image-wrapper qodef-grid-item\">\n\t<div class=\"qodef-e-inner\">\n\t\t\t\t\t<a class=\"qodef-popup-item\" itemprop=\"image\" href=\"https:\/\/thehub-berlin.org\/wp-content\/uploads\/2019\/03\/berlin-biennale-von-mir-aus-2019_web2.jpg\" data-type=\"image\" data-fslightbox=\"gallery-181\">\n\t\t\t\t\t<img width=\"720\" height=\"486\" src=\"https:\/\/thehub-berlin.org\/wp-content\/uploads\/2019\/03\/berlin-biennale-von-mir-aus-2019_web2.jpg\" class=\"attachment-full size-full\" alt=\"\" loading=\"lazy\" srcset=\"https:\/\/thehub-berlin.org\/wp-content\/uploads\/2019\/03\/berlin-biennale-von-mir-aus-2019_web2.jpg 720w, https:\/\/thehub-berlin.org\/wp-content\/uploads\/2019\/03\/berlin-biennale-von-mir-aus-2019_web2-300x203.jpg 300w, https:\/\/thehub-berlin.org\/wp-content\/uploads\/2019\/03\/berlin-biennale-von-mir-aus-2019_web2-624x421.jpg 624w\" sizes=\"(max-width: 720px) 100vw, 720px\" \/>\t\t\t\t\t<\/a>\n\t\t\t<\/div>\n<\/div>\n<div class=\"qodef-e qodef-image-wrapper qodef-grid-item\">\n\t<div class=\"qodef-e-inner\">\n\t\t\t\t\t<a class=\"qodef-popup-item\" itemprop=\"image\" href=\"https:\/\/thehub-berlin.org\/wp-content\/uploads\/2019\/03\/IMG_5294.jpg\" data-type=\"image\" data-fslightbox=\"gallery-181\">\n\t\t\t\t\t<img width=\"600\" height=\"450\" src=\"https:\/\/thehub-berlin.org\/wp-content\/uploads\/2019\/03\/IMG_5294.jpg\" class=\"attachment-full size-full\" alt=\"\" loading=\"lazy\" srcset=\"https:\/\/thehub-berlin.org\/wp-content\/uploads\/2019\/03\/IMG_5294.jpg 600w, https:\/\/thehub-berlin.org\/wp-content\/uploads\/2019\/03\/IMG_5294-300x225.jpg 300w\" sizes=\"(max-width: 600px) 100vw, 600px\" \/>\t\t\t\t\t<\/a>\n\t\t\t<\/div>\n<\/div>\n<div class=\"qodef-e qodef-image-wrapper qodef-grid-item\">\n\t<div class=\"qodef-e-inner\">\n\t\t\t\t\t<a class=\"qodef-popup-item\" itemprop=\"image\" href=\"https:\/\/thehub-berlin.org\/wp-content\/uploads\/2019\/03\/IMG_5289.jpg\" data-type=\"image\" data-fslightbox=\"gallery-181\">\n\t\t\t\t\t<img width=\"600\" height=\"450\" src=\"https:\/\/thehub-berlin.org\/wp-content\/uploads\/2019\/03\/IMG_5289.jpg\" class=\"attachment-full size-full\" alt=\"\" loading=\"lazy\" srcset=\"https:\/\/thehub-berlin.org\/wp-content\/uploads\/2019\/03\/IMG_5289.jpg 600w, https:\/\/thehub-berlin.org\/wp-content\/uploads\/2019\/03\/IMG_5289-300x225.jpg 300w\" sizes=\"(max-width: 600px) 100vw, 600px\" \/>\t\t\t\t\t<\/a>\n\t\t\t<\/div>\n<\/div>\n<div class=\"qodef-e qodef-image-wrapper qodef-grid-item\">\n\t<div class=\"qodef-e-inner\">\n\t\t\t\t\t<a class=\"qodef-popup-item\" itemprop=\"image\" href=\"https:\/\/thehub-berlin.org\/wp-content\/uploads\/2019\/03\/4E9A9377_Tomaschko.jpg\" data-type=\"image\" data-fslightbox=\"gallery-181\">\n\t\t\t\t\t<img width=\"600\" height=\"400\" src=\"https:\/\/thehub-berlin.org\/wp-content\/uploads\/2019\/03\/4E9A9377_Tomaschko.jpg\" class=\"attachment-full size-full\" alt=\"\" loading=\"lazy\" srcset=\"https:\/\/thehub-berlin.org\/wp-content\/uploads\/2019\/03\/4E9A9377_Tomaschko.jpg 600w, https:\/\/thehub-berlin.org\/wp-content\/uploads\/2019\/03\/4E9A9377_Tomaschko-300x200.jpg 300w\" sizes=\"(max-width: 600px) 100vw, 600px\" \/>\t\t\t\t\t<\/a>\n\t\t\t<\/div>\n<\/div>\n<div class=\"qodef-e qodef-image-wrapper qodef-grid-item\">\n\t<div class=\"qodef-e-inner\">\n\t\t\t\t\t<a class=\"qodef-popup-item\" itemprop=\"image\" href=\"https:\/\/thehub-berlin.org\/wp-content\/uploads\/2019\/02\/berlin-biennale-von-mir-aus-20192.jpg\" data-type=\"image\" data-fslightbox=\"gallery-181\">\n\t\t\t\t\t<img width=\"1524\" height=\"2016\" src=\"https:\/\/thehub-berlin.org\/wp-content\/uploads\/2019\/02\/berlin-biennale-von-mir-aus-20192.jpg\" class=\"attachment-full size-full\" alt=\"\" loading=\"lazy\" srcset=\"https:\/\/thehub-berlin.org\/wp-content\/uploads\/2019\/02\/berlin-biennale-von-mir-aus-20192.jpg 1524w, https:\/\/thehub-berlin.org\/wp-content\/uploads\/2019\/02\/berlin-biennale-von-mir-aus-20192-227x300.jpg 227w, https:\/\/thehub-berlin.org\/wp-content\/uploads\/2019\/02\/berlin-biennale-von-mir-aus-20192-768x1016.jpg 768w, https:\/\/thehub-berlin.org\/wp-content\/uploads\/2019\/02\/berlin-biennale-von-mir-aus-20192-720x952.jpg 720w, https:\/\/thehub-berlin.org\/wp-content\/uploads\/2019\/02\/berlin-biennale-von-mir-aus-20192-624x825.jpg 624w\" sizes=\"(max-width: 1524px) 100vw, 1524px\" \/>\t\t\t\t\t<\/a>\n\t\t\t<\/div>\n<\/div>\n<div class=\"qodef-e qodef-image-wrapper qodef-grid-item\">\n\t<div class=\"qodef-e-inner\">\n\t\t\t\t\t<a class=\"qodef-popup-item\" itemprop=\"image\" href=\"https:\/\/thehub-berlin.org\/wp-content\/uploads\/2019\/01\/MG_7080_KW_victoria_tomaschko-e1548319052596.jpg\" data-type=\"image\" data-fslightbox=\"gallery-181\">\n\t\t\t\t\t<img width=\"400\" height=\"267\" src=\"https:\/\/thehub-berlin.org\/wp-content\/uploads\/2019\/01\/MG_7080_KW_victoria_tomaschko-e1548319052596.jpg\" class=\"attachment-full size-full\" alt=\"\" loading=\"lazy\" \/>\t\t\t\t\t<\/a>\n\t\t\t<\/div>\n<\/div>\n<div class=\"qodef-e qodef-image-wrapper qodef-grid-item\">\n\t<div class=\"qodef-e-inner\">\n\t\t\t\t\t<a class=\"qodef-popup-item\" itemprop=\"image\" href=\"https:\/\/thehub-berlin.org\/wp-content\/uploads\/2019\/01\/MG_9941_KW_tomaschko-e1548319398941.jpg\" data-type=\"image\" data-fslightbox=\"gallery-181\">\n\t\t\t\t\t<img width=\"400\" height=\"267\" src=\"https:\/\/thehub-berlin.org\/wp-content\/uploads\/2019\/01\/MG_9941_KW_tomaschko-e1548319398941.jpg\" class=\"attachment-full size-full\" alt=\"\" loading=\"lazy\" \/>\t\t\t\t\t<\/a>\n\t\t\t<\/div>\n<\/div>\n\t<\/div>\n<\/div>\n\t\t<\/div>\n\t\t\t\t<\/div>\n\t\t\t\t\t<\/div>\n\t\t<\/div>\n\t\t\t\t\t\t\t<\/div>\n\t\t<\/section>\n\t\t\t\t<section class=\"elementor-section elementor-top-section elementor-element elementor-element-8a32963 elementor-section-boxed elementor-section-height-default elementor-section-height-default parallax_section_no qode_elementor_container_no qode-content-aligment-left\" data-id=\"8a32963\" data-element_type=\"section\">\n\t\t\t\t\t\t<div class=\"elementor-container elementor-column-gap-default\">\n\t\t\t\t\t<div class=\"elementor-column elementor-col-100 elementor-top-column elementor-element elementor-element-645e6ab\" data-id=\"645e6ab\" data-element_type=\"column\">\n\t\t\t<div class=\"elementor-widget-wrap elementor-element-populated\">\n\t\t\t\t\t\t\t\t<div class=\"elementor-element elementor-element-27c4467 elementor-widget elementor-widget-qi_addons_for_elementor_image_slider\" data-id=\"27c4467\" data-element_type=\"widget\" data-widget_type=\"qi_addons_for_elementor_image_slider.default\">\n\t\t\t\t<div class=\"elementor-widget-container\">\n\t\t\t<div class=\"qodef-shortcode qodef-m  qodef-qi-image-slider qodef-qi-fslightbox-popup qodef-popup-gallery    qodef-col-num--3 qodef-qi-grid qodef-qi-swiper-container  qodef-navigation--inside  qodef-pagination--inside     qodef-navigation--hover-move\" data-options=\"{&quot;direction&quot;:&quot;horizontal&quot;,&quot;slidesPerView&quot;:&quot;3&quot;,&quot;spaceBetween&quot;:30,&quot;spaceBetweenTablet&quot;:30,&quot;spaceBetweenMobile&quot;:30,&quot;effect&quot;:&quot;&quot;,&quot;loop&quot;:true,&quot;autoplay&quot;:true,&quot;centeredSlides&quot;:false,&quot;speed&quot;:&quot;&quot;,&quot;speedAnimation&quot;:&quot;&quot;,&quot;outsideNavigation&quot;:&quot;no&quot;,&quot;outsidePagination&quot;:&quot;no&quot;,&quot;unique&quot;:814,&quot;partialValue&quot;:0,&quot;disablePartialValue&quot;:&quot;&quot;}\">\n\t<div class=\"swiper-wrapper\">\n\t\t\n<div class=\"qodef-e swiper-slide\">\n\t<div class=\"qodef-e-inner\">\n\t\t\t\t\t<a class=\"qodef-popup-item\" itemprop=\"image\" href=\"https:\/\/thehub-berlin.org\/wp-content\/uploads\/2019\/04\/treptow_4E9A1767_Tomaschko.jpg\" data-type=\"image\" data-fslightbox=\"gallery-814\">\n\t\t\t\t\t<img width=\"1240\" height=\"700\" src=\"https:\/\/thehub-berlin.org\/wp-content\/uploads\/2019\/04\/treptow_4E9A1767_Tomaschko.jpg\" class=\"attachment-full size-full\" alt=\"\" loading=\"lazy\" srcset=\"https:\/\/thehub-berlin.org\/wp-content\/uploads\/2019\/04\/treptow_4E9A1767_Tomaschko.jpg 1240w, https:\/\/thehub-berlin.org\/wp-content\/uploads\/2019\/04\/treptow_4E9A1767_Tomaschko-300x169.jpg 300w, https:\/\/thehub-berlin.org\/wp-content\/uploads\/2019\/04\/treptow_4E9A1767_Tomaschko-768x434.jpg 768w, https:\/\/thehub-berlin.org\/wp-content\/uploads\/2019\/04\/treptow_4E9A1767_Tomaschko-720x406.jpg 720w, https:\/\/thehub-berlin.org\/wp-content\/uploads\/2019\/04\/treptow_4E9A1767_Tomaschko-624x352.jpg 624w\" sizes=\"(max-width: 1240px) 100vw, 1240px\" \/>\t\t\t\t\t<\/a>\n\t\t\n        \t<\/div>\n<\/div>\n\n<div class=\"qodef-e swiper-slide\">\n\t<div class=\"qodef-e-inner\">\n\t\t\t\t\t<a class=\"qodef-popup-item\" itemprop=\"image\" href=\"https:\/\/thehub-berlin.org\/wp-content\/uploads\/2019\/04\/einhorn4E9A1677_Tomaschko_video.jpg\" data-type=\"image\" data-fslightbox=\"gallery-814\">\n\t\t\t\t\t<img width=\"1240\" height=\"700\" src=\"https:\/\/thehub-berlin.org\/wp-content\/uploads\/2019\/04\/einhorn4E9A1677_Tomaschko_video.jpg\" class=\"attachment-full size-full\" alt=\"\" loading=\"lazy\" srcset=\"https:\/\/thehub-berlin.org\/wp-content\/uploads\/2019\/04\/einhorn4E9A1677_Tomaschko_video.jpg 1240w, https:\/\/thehub-berlin.org\/wp-content\/uploads\/2019\/04\/einhorn4E9A1677_Tomaschko_video-300x169.jpg 300w, https:\/\/thehub-berlin.org\/wp-content\/uploads\/2019\/04\/einhorn4E9A1677_Tomaschko_video-768x434.jpg 768w, https:\/\/thehub-berlin.org\/wp-content\/uploads\/2019\/04\/einhorn4E9A1677_Tomaschko_video-720x406.jpg 720w, https:\/\/thehub-berlin.org\/wp-content\/uploads\/2019\/04\/einhorn4E9A1677_Tomaschko_video-624x352.jpg 624w\" sizes=\"(max-width: 1240px) 100vw, 1240px\" \/>\t\t\t\t\t<\/a>\n\t\t\n        \t<\/div>\n<\/div>\n\n<div class=\"qodef-e swiper-slide\">\n\t<div class=\"qodef-e-inner\">\n\t\t\t\t\t<a class=\"qodef-popup-item\" itemprop=\"image\" href=\"https:\/\/thehub-berlin.org\/wp-content\/uploads\/2019\/04\/gefuehle_4E9A1815_Tomaschko.jpg\" data-type=\"image\" data-fslightbox=\"gallery-814\">\n\t\t\t\t\t<img width=\"1240\" height=\"700\" src=\"https:\/\/thehub-berlin.org\/wp-content\/uploads\/2019\/04\/gefuehle_4E9A1815_Tomaschko.jpg\" class=\"attachment-full size-full\" alt=\"\" loading=\"lazy\" srcset=\"https:\/\/thehub-berlin.org\/wp-content\/uploads\/2019\/04\/gefuehle_4E9A1815_Tomaschko.jpg 1240w, https:\/\/thehub-berlin.org\/wp-content\/uploads\/2019\/04\/gefuehle_4E9A1815_Tomaschko-300x169.jpg 300w, https:\/\/thehub-berlin.org\/wp-content\/uploads\/2019\/04\/gefuehle_4E9A1815_Tomaschko-768x434.jpg 768w, https:\/\/thehub-berlin.org\/wp-content\/uploads\/2019\/04\/gefuehle_4E9A1815_Tomaschko-720x406.jpg 720w, https:\/\/thehub-berlin.org\/wp-content\/uploads\/2019\/04\/gefuehle_4E9A1815_Tomaschko-624x352.jpg 624w\" sizes=\"(max-width: 1240px) 100vw, 1240px\" \/>\t\t\t\t\t<\/a>\n\t\t\n        \t<\/div>\n<\/div>\n\n<div class=\"qodef-e swiper-slide\">\n\t<div class=\"qodef-e-inner\">\n\t\t\t\t\t<a class=\"qodef-popup-item\" itemprop=\"image\" href=\"https:\/\/thehub-berlin.org\/wp-content\/uploads\/2019\/04\/002_Strasse_Small_2.jpg\" data-type=\"image\" data-fslightbox=\"gallery-814\">\n\t\t\t\t\t<img width=\"720\" height=\"375\" src=\"https:\/\/thehub-berlin.org\/wp-content\/uploads\/2019\/04\/002_Strasse_Small_2.jpg\" class=\"attachment-full size-full\" alt=\"\" loading=\"lazy\" srcset=\"https:\/\/thehub-berlin.org\/wp-content\/uploads\/2019\/04\/002_Strasse_Small_2.jpg 720w, https:\/\/thehub-berlin.org\/wp-content\/uploads\/2019\/04\/002_Strasse_Small_2-300x156.jpg 300w, https:\/\/thehub-berlin.org\/wp-content\/uploads\/2019\/04\/002_Strasse_Small_2-624x325.jpg 624w\" sizes=\"(max-width: 720px) 100vw, 720px\" \/>\t\t\t\t\t<\/a>\n\t\t\n        \t<\/div>\n<\/div>\n\t<\/div>\n\t\t<div class=\"swiper-button-prev\"><svg  xmlns=\"http:\/\/www.w3.org\/2000\/svg\" xmlns:xlink=\"http:\/\/www.w3.org\/1999\/xlink\" x=\"0px\" y=\"0px\" viewBox=\"0 0 34.2 32.3\" xml:space=\"preserve\" style=\"stroke-width: 2;\"><line x1=\"0.5\" y1=\"16\" x2=\"33.5\" y2=\"16\"\/><line x1=\"0.3\" y1=\"16.5\" x2=\"16.2\" y2=\"0.7\"\/><line x1=\"0\" y1=\"15.4\" x2=\"16.2\" y2=\"31.6\"\/><\/svg><\/div>\n\t<div class=\"swiper-button-next\"><svg  xmlns=\"http:\/\/www.w3.org\/2000\/svg\" xmlns:xlink=\"http:\/\/www.w3.org\/1999\/xlink\" x=\"0px\" y=\"0px\" viewBox=\"0 0 34.2 32.3\" xml:space=\"preserve\" style=\"stroke-width: 2;\"><line x1=\"0\" y1=\"16\" x2=\"33\" y2=\"16\"\/><line x1=\"17.3\" y1=\"0.7\" x2=\"33.2\" y2=\"16.5\"\/><line x1=\"17.3\" y1=\"31.6\" x2=\"33.5\" y2=\"15.4\"\/><\/svg><\/div>\n\t<div class=\"swiper-pagination\"><\/div>\n<\/div>\n\t\t<\/div>\n\t\t\t\t<\/div>\n\t\t\t\t\t<\/div>\n\t\t<\/div>\n\t\t\t\t\t\t\t<\/div>\n\t\t<\/section>\n\t\t\t\t<section class=\"elementor-section elementor-top-section elementor-element elementor-element-d040aa0 elementor-section-boxed elementor-section-height-default elementor-section-height-default parallax_section_no qode_elementor_container_no qode-content-aligment-left\" data-id=\"d040aa0\" data-element_type=\"section\">\n\t\t\t\t\t\t<div class=\"elementor-container elementor-column-gap-default\">\n\t\t\t\t\t<div class=\"elementor-column elementor-col-100 elementor-top-column elementor-element elementor-element-d5d065c\" data-id=\"d5d065c\" data-element_type=\"column\">\n\t\t\t<div class=\"elementor-widget-wrap elementor-element-populated\">\n\t\t\t\t\t\t\t\t<div class=\"elementor-element elementor-element-e0fb883 elementor-widget elementor-widget-qode_interactive_links\" data-id=\"e0fb883\" data-element_type=\"widget\" data-widget_type=\"qode_interactive_links.default\">\n\t\t\t\t<div class=\"elementor-widget-container\">\n\t\t\t<div class=\"qode-interactive-links qode-il-links-below\">\r\n    <div class=\"qode-il-inner\">\r\n        <div class=\"qode-il-images-holder\">\r\n            <div class=\"qode-il-images-holder-inner\">\r\n                                        <div class=\"qode-il-image\" data-index=\"0\">\r\n                            <a itemprop=\"link\" class=\"qode-il-image-link\" href=\"http:\/\/bb10.berlinbiennale.de\/de\/vermittlung\" target=\"_blank\" data-index=\"0\">\r\n                                                            <\/a>\r\n                            <div class=\"qode-il-responsive-title-holder\">\r\n                                <h3 class=\"qode-il-links-holder\">\r\n                                    <a itemprop=\"link\" class=\"qode-il-link qode-il-responsive-title\" href=\"http:\/\/bb10.berlinbiennale.de\/de\/vermittlung\" target=\"_blank\" data-index=\"0\">\r\n                                        <span class=\"qode-il-title\">\u00dcber die Berlin Biennale hinaus<\/span>\r\n                                    <\/a>\r\n                                <\/h3>\r\n                            <\/div>\r\n                        <\/div>\r\n                                            <div class=\"qode-il-image\" data-index=\"1\">\r\n                            <a itemprop=\"link\" class=\"qode-il-image-link\" href=\"http:\/\/bb10.berlinbiennale.de\/de\/vermittlung\" target=\"_blank\" data-index=\"1\">\r\n                                                            <\/a>\r\n                            <div class=\"qode-il-responsive-title-holder\">\r\n                                <h3 class=\"qode-il-links-holder\">\r\n                                    <a itemprop=\"link\" class=\"qode-il-link qode-il-responsive-title\" href=\"http:\/\/bb10.berlinbiennale.de\/de\/vermittlung\" target=\"_blank\" data-index=\"1\">\r\n                                        <span class=\"qode-il-title\">\u00dcber die Berlin <\/span>\r\n                                    <\/a>\r\n                                <\/h3>\r\n                            <\/div>\r\n                        <\/div>\r\n                                <\/div>\r\n        <\/div>\r\n        <div class=\"qode-il-titles-holder\">\r\n            <h3 class=\"qode-il-links-holder\">\r\n                                        <a itemprop=\"link\" class=\"qode-il-link\" href=\"http:\/\/bb10.berlinbiennale.de\/de\/vermittlung\" target=\"_blank\" data-index=\"0\">\r\n                            <span class=\"qode-il-title\">\u00dcber die Berlin Biennale hinaus<\/span>\r\n                        <\/a>\r\n                                            <a itemprop=\"link\" class=\"qode-il-link\" href=\"http:\/\/bb10.berlinbiennale.de\/de\/vermittlung\" target=\"_blank\" data-index=\"1\">\r\n                            <span class=\"qode-il-title\">\u00dcber die Berlin <\/span>\r\n                        <\/a>\r\n                                <\/h3>\r\n        <\/div>\r\n            <\/div>\r\n<\/div>\t\t<\/div>\n\t\t\t\t<\/div>\n\t\t\t\t\t<\/div>\n\t\t<\/div>\n\t\t\t\t\t\t\t<\/div>\n\t\t<\/section>\n\t\t\t\t<section class=\"elementor-section elementor-top-section elementor-element elementor-element-9c9471a elementor-section-boxed elementor-section-height-default elementor-section-height-default parallax_section_no qode_elementor_container_no qode-content-aligment-left\" data-id=\"9c9471a\" data-element_type=\"section\">\n\t\t\t\t\t\t<div class=\"elementor-container elementor-column-gap-default\">\n\t\t\t\t\t<div class=\"elementor-column elementor-col-100 elementor-top-column elementor-element elementor-element-c4375a9\" data-id=\"c4375a9\" data-element_type=\"column\">\n\t\t\t<div class=\"elementor-widget-wrap elementor-element-populated\">\n\t\t\t\t\t\t\t\t<div class=\"elementor-element elementor-element-aebb3c1 elementor-widget elementor-widget-image\" data-id=\"aebb3c1\" data-element_type=\"widget\" data-widget_type=\"image.default\">\n\t\t\t\t<div class=\"elementor-widget-container\">\n\t\t\t\t\t\t\t\t\t\t\t\t<figure class=\"wp-caption\">\n\t\t\t\t\t\t\t\t\t\t<img width=\"1536\" height=\"1024\" src=\"https:\/\/thehub-berlin.org\/wp-content\/uploads\/2019\/03\/MG_0083_Tomaschko.jpg\" class=\"attachment-1536x1536 size-1536x1536\" alt=\"\" loading=\"lazy\" srcset=\"https:\/\/thehub-berlin.org\/wp-content\/uploads\/2019\/03\/MG_0083_Tomaschko.jpg 5091w, https:\/\/thehub-berlin.org\/wp-content\/uploads\/2019\/03\/MG_0083_Tomaschko-300x200.jpg 300w, https:\/\/thehub-berlin.org\/wp-content\/uploads\/2019\/03\/MG_0083_Tomaschko-768x512.jpg 768w, https:\/\/thehub-berlin.org\/wp-content\/uploads\/2019\/03\/MG_0083_Tomaschko-720x480.jpg 720w, https:\/\/thehub-berlin.org\/wp-content\/uploads\/2019\/03\/MG_0083_Tomaschko-624x416.jpg 624w\" sizes=\"(max-width: 1536px) 100vw, 1536px\" \/>\t\t\t\t\t\t\t\t\t\t\t<figcaption class=\"widget-image-caption wp-caption-text\">Pr\u00e4sentation \/ Spiele  'Sei kein Egospieler!' \u00a9 Victoria Tomaschko<\/figcaption>\n\t\t\t\t\t\t\t\t\t\t<\/figure>\n\t\t\t\t\t\t\t\t\t<\/div>\n\t\t\t\t<\/div>\n\t\t\t\t\t<\/div>\n\t\t<\/div>\n\t\t\t\t\t\t\t<\/div>\n\t\t<\/section>\n\t\t\t\t\t\t<\/div>\n\t\t\t\t\t<\/div>\n\t\t","protected":false},"excerpt":{"rendered":"<p>Dokumentation fertig \u2013 hier als epub herunterladen Alle zwei Jahre im Sommer str\u00f6men Massen in den Berliner Stadtteil Mitte: Die Berlin Biennale f\u00fcr zeitgen\u00f6ssische Kunst \u00f6ffnet ihre Tore. Wie funktioniert das Format der Biennale \u2013 und welche M\u00f6glichkeiten bietet es uns? Wo und in welcher&#8230;<\/p>\n","protected":false},"parent":0,"menu_order":0,"template":"","meta":[],"_links":{"self":[{"href":"https:\/\/thehub-berlin.org\/de\/wp-json\/wp\/v2\/project\/2720"}],"collection":[{"href":"https:\/\/thehub-berlin.org\/de\/wp-json\/wp\/v2\/project"}],"about":[{"href":"https:\/\/thehub-berlin.org\/de\/wp-json\/wp\/v2\/types\/project"}],"version-history":[{"count":10,"href":"https:\/\/thehub-berlin.org\/de\/wp-json\/wp\/v2\/project\/2720\/revisions"}],"predecessor-version":[{"id":3299,"href":"https:\/\/thehub-berlin.org\/de\/wp-json\/wp\/v2\/project\/2720\/revisions\/3299"}],"wp:attachment":[{"href":"https:\/\/thehub-berlin.org\/de\/wp-json\/wp\/v2\/media?parent=2720"}],"curies":[{"name":"wp","href":"https:\/\/api.w.org\/{rel}","templated":true}]}}