{"id":3086,"date":"2022-08-10T17:50:02","date_gmt":"2022-08-10T15:50:02","guid":{"rendered":"https:\/\/thehub-berlin.voidstudio.ru\/project\/hecke\/"},"modified":"2023-01-18T19:26:31","modified_gmt":"2023-01-18T18:26:31","slug":"hecke","status":"publish","type":"project","link":"https:\/\/thehub-berlin.org\/de\/project\/hecke\/","title":{"rendered":"Hecke"},"content":{"rendered":"\t\t<div data-elementor-type=\"wp-post\" data-elementor-id=\"3086\" class=\"elementor elementor-3086 elementor-1753\" data-elementor-settings=\"[]\">\n\t\t\t\t\t\t\t<div class=\"elementor-section-wrap\">\n\t\t\t\t\t\t\t<section class=\"elementor-section elementor-top-section elementor-element elementor-element-1dc543d1 elementor-section-boxed elementor-section-height-default elementor-section-height-default parallax_section_no qode_elementor_container_no qode-content-aligment-left\" data-id=\"1dc543d1\" data-element_type=\"section\">\n\t\t\t\t\t\t<div class=\"elementor-container elementor-column-gap-default\">\n\t\t\t\t\t<div class=\"elementor-column elementor-col-100 elementor-top-column elementor-element elementor-element-269e6ed\" data-id=\"269e6ed\" data-element_type=\"column\">\n\t\t\t<div class=\"elementor-widget-wrap elementor-element-populated\">\n\t\t\t\t\t\t\t\t<div class=\"elementor-element elementor-element-3fb965c3 elementor-widget elementor-widget-text-editor\" data-id=\"3fb965c3\" data-element_type=\"widget\" data-widget_type=\"text-editor.default\">\n\t\t\t\t<div class=\"elementor-widget-container\">\n\t\t\t\t\t\t\t<p>HECKE war ein Ausstellungsprojekt der Kunsthochschule Weissensee und der Humboldt-Universit\u00e4t zu Berlin. Im Rahmen einer achtmonatigen Zusammenarbeit der K\u00fcnstler*innen der Malereiklasse unter Leitung von Prof. Pia Linz und Hanna Hennenkemper und der Kuratorinnen Mette Kleinsteuber, Luise M\u00f6rke und Elisabeth Stumpf entstand dabei eine Ausstellung, die vom 2.7-23.7 im Galerieraum Kunstpunkt Berlin zu sehen war. Das umfangreiche Rahmenprogramm organisierten die K\u00fcnstlerin und Kunstvermittlerin Magdalena Beger und die Kuratorin Elisabeth Stumpf. Dabei entstand auch eine Projektwoche mit Sch\u00fclerinnen des Albert-Schweitzer-Gymnasiums in Neuk\u00f6lln, bei dem die vierzehn Sch\u00fclerinnen unterschiedlicher Jahrgangsstufen an f\u00fcnf Tagen unter Anleitung von Magdalena Beger, Cara Schlenzig und Elisabeth Stumpf, die Ausstellung erkundeten und gemeinsam eine eigene Ausstellung entwickelten.   <\/p>\n\t\t\t\t\t\t<\/div>\n\t\t\t\t<\/div>\n\t\t\t\t\t<\/div>\n\t\t<\/div>\n\t\t\t\t\t\t\t<\/div>\n\t\t<\/section>\n\t\t\t\t<section class=\"elementor-section elementor-top-section elementor-element elementor-element-1f7aa4b elementor-section-boxed elementor-section-height-default elementor-section-height-default parallax_section_no qode_elementor_container_no qode-content-aligment-left\" data-id=\"1f7aa4b\" data-element_type=\"section\">\n\t\t\t\t\t\t<div class=\"elementor-container elementor-column-gap-default\">\n\t\t\t\t\t<div class=\"elementor-column elementor-col-100 elementor-top-column elementor-element elementor-element-0abb6fe\" data-id=\"0abb6fe\" data-element_type=\"column\">\n\t\t\t<div class=\"elementor-widget-wrap elementor-element-populated\">\n\t\t\t\t\t\t\t\t<div class=\"elementor-element elementor-element-7dcec4a elementor-widget elementor-widget-qode_interactive_links\" data-id=\"7dcec4a\" data-element_type=\"widget\" data-widget_type=\"qode_interactive_links.default\">\n\t\t\t\t<div class=\"elementor-widget-container\">\n\t\t\t<div class=\"qode-interactive-links qode-il-links-below\">\r\n    <div class=\"qode-il-inner\">\r\n        <div class=\"qode-il-images-holder\">\r\n            <div class=\"qode-il-images-holder-inner\">\r\n                                        <div class=\"qode-il-image\" data-index=\"0\">\r\n                            <a itemprop=\"link\" class=\"qode-il-image-link\" href=\"http:\/\/www.heckeausstellung.de\" target=\"_blank\" data-index=\"0\">\r\n                                                            <\/a>\r\n                            <div class=\"qode-il-responsive-title-holder\">\r\n                                <h3 class=\"qode-il-links-holder\">\r\n                                    <a itemprop=\"link\" class=\"qode-il-link qode-il-responsive-title\" href=\"http:\/\/www.heckeausstellung.de\" target=\"_blank\" data-index=\"0\">\r\n                                        <span class=\"qode-il-title\">Webseite<\/span>\r\n                                    <\/a>\r\n                                <\/h3>\r\n                            <\/div>\r\n                        <\/div>\r\n                                            <div class=\"qode-il-image\" data-index=\"1\">\r\n                            <a itemprop=\"link\" class=\"qode-il-image-link\" href=\"http:\/\/www.heckeausstellung.de\/blog\/\" target=\"_blank\" data-index=\"1\">\r\n                                                            <\/a>\r\n                            <div class=\"qode-il-responsive-title-holder\">\r\n                                <h3 class=\"qode-il-links-holder\">\r\n                                    <a itemprop=\"link\" class=\"qode-il-link qode-il-responsive-title\" href=\"http:\/\/www.heckeausstellung.de\/blog\/\" target=\"_blank\" data-index=\"1\">\r\n                                        <span class=\"qode-il-title\">Blog<\/span>\r\n                                    <\/a>\r\n                                <\/h3>\r\n                            <\/div>\r\n                        <\/div>\r\n                                <\/div>\r\n        <\/div>\r\n        <div class=\"qode-il-titles-holder\">\r\n            <h3 class=\"qode-il-links-holder\">\r\n                                        <a itemprop=\"link\" class=\"qode-il-link\" href=\"http:\/\/www.heckeausstellung.de\" target=\"_blank\" data-index=\"0\">\r\n                            <span class=\"qode-il-title\">Webseite<\/span>\r\n                        <\/a>\r\n                                            <a itemprop=\"link\" class=\"qode-il-link\" href=\"http:\/\/www.heckeausstellung.de\/blog\/\" target=\"_blank\" data-index=\"1\">\r\n                            <span class=\"qode-il-title\">Blog<\/span>\r\n                        <\/a>\r\n                                <\/h3>\r\n        <\/div>\r\n            <\/div>\r\n<\/div>\t\t<\/div>\n\t\t\t\t<\/div>\n\t\t\t\t\t<\/div>\n\t\t<\/div>\n\t\t\t\t\t\t\t<\/div>\n\t\t<\/section>\n\t\t\t\t<section class=\"elementor-section elementor-top-section elementor-element elementor-element-4e7554a elementor-section-boxed elementor-section-height-default elementor-section-height-default parallax_section_no qode_elementor_container_no qode-content-aligment-left\" data-id=\"4e7554a\" data-element_type=\"section\">\n\t\t\t\t\t\t<div class=\"elementor-container elementor-column-gap-default\">\n\t\t\t\t\t<div class=\"elementor-column elementor-col-100 elementor-top-column elementor-element elementor-element-22aef4a\" data-id=\"22aef4a\" data-element_type=\"column\">\n\t\t\t<div class=\"elementor-widget-wrap elementor-element-populated\">\n\t\t\t\t\t\t\t\t<div class=\"elementor-element elementor-element-a562316 elementor-widget elementor-widget-qi_addons_for_elementor_image_gallery_pinterest\" data-id=\"a562316\" data-element_type=\"widget\" data-widget_type=\"qi_addons_for_elementor_image_gallery_pinterest.default\">\n\t\t\t\t<div class=\"elementor-widget-container\">\n\t\t\t<div class=\"qodef-shortcode qodef-m  qodef-qi-image-gallery-pinterest qodef-qi-fslightbox-popup qodef-popup-gallery qodef-image--hover-zoom  qodef-qi-grid qodef-layout--qi-masonry  qodef-col-num--3   qodef-responsive--predefined\">\n\t<div class=\"qodef-grid-inner\">\n\t\t\t<div class=\"qodef-qi-grid-masonry-sizer\"><\/div>\n<div class=\"qodef-e qodef-image-wrapper qodef-grid-item\">\n\t<div class=\"qodef-e-inner\">\n\t\t\t\t\t<a class=\"qodef-popup-item\" itemprop=\"image\" href=\"https:\/\/thehub-berlin.org\/wp-content\/uploads\/2018\/04\/IMG_3145-e1523218187390.jpg\" data-type=\"image\" data-fslightbox=\"gallery-688\">\n\t\t\t\t\t<img width=\"500\" height=\"889\" src=\"https:\/\/thehub-berlin.org\/wp-content\/uploads\/2018\/04\/IMG_3145-e1523218187390.jpg\" class=\"attachment-full size-full\" alt=\"\" loading=\"lazy\" \/>\t\t\t\t\t<\/a>\n\t\t\t<\/div>\n<\/div>\n<div class=\"qodef-e qodef-image-wrapper qodef-grid-item\">\n\t<div class=\"qodef-e-inner\">\n\t\t\t\t\t<a class=\"qodef-popup-item\" itemprop=\"image\" href=\"https:\/\/thehub-berlin.org\/wp-content\/uploads\/2018\/04\/IMG_2942.jpg\" data-type=\"image\" data-fslightbox=\"gallery-688\">\n\t\t\t\t\t<img width=\"4032\" height=\"3024\" src=\"https:\/\/thehub-berlin.org\/wp-content\/uploads\/2018\/04\/IMG_2942.jpg\" class=\"attachment-full size-full\" alt=\"\" loading=\"lazy\" srcset=\"https:\/\/thehub-berlin.org\/wp-content\/uploads\/2018\/04\/IMG_2942.jpg 4032w, https:\/\/thehub-berlin.org\/wp-content\/uploads\/2018\/04\/IMG_2942-300x225.jpg 300w, https:\/\/thehub-berlin.org\/wp-content\/uploads\/2018\/04\/IMG_2942-768x576.jpg 768w, https:\/\/thehub-berlin.org\/wp-content\/uploads\/2018\/04\/IMG_2942-720x540.jpg 720w, https:\/\/thehub-berlin.org\/wp-content\/uploads\/2018\/04\/IMG_2942-624x468.jpg 624w\" sizes=\"(max-width: 4032px) 100vw, 4032px\" \/>\t\t\t\t\t<\/a>\n\t\t\t<\/div>\n<\/div>\n<div class=\"qodef-e qodef-image-wrapper qodef-grid-item\">\n\t<div class=\"qodef-e-inner\">\n\t\t\t\t\t<a class=\"qodef-popup-item\" itemprop=\"image\" href=\"https:\/\/thehub-berlin.org\/wp-content\/uploads\/2018\/04\/IMG_2934-e1523218302793.jpg\" data-type=\"image\" data-fslightbox=\"gallery-688\">\n\t\t\t\t\t<img width=\"500\" height=\"302\" src=\"https:\/\/thehub-berlin.org\/wp-content\/uploads\/2018\/04\/IMG_2934-e1523218302793.jpg\" class=\"attachment-full size-full\" alt=\"\" loading=\"lazy\" \/>\t\t\t\t\t<\/a>\n\t\t\t<\/div>\n<\/div>\n<div class=\"qodef-e qodef-image-wrapper qodef-grid-item\">\n\t<div class=\"qodef-e-inner\">\n\t\t\t\t\t<a class=\"qodef-popup-item\" itemprop=\"image\" href=\"https:\/\/thehub-berlin.org\/wp-content\/uploads\/2018\/04\/IMG_2931.jpg\" data-type=\"image\" data-fslightbox=\"gallery-688\">\n\t\t\t\t\t<img width=\"3338\" height=\"2318\" src=\"https:\/\/thehub-berlin.org\/wp-content\/uploads\/2018\/04\/IMG_2931.jpg\" class=\"attachment-full size-full\" alt=\"\" loading=\"lazy\" srcset=\"https:\/\/thehub-berlin.org\/wp-content\/uploads\/2018\/04\/IMG_2931.jpg 3338w, https:\/\/thehub-berlin.org\/wp-content\/uploads\/2018\/04\/IMG_2931-300x208.jpg 300w, https:\/\/thehub-berlin.org\/wp-content\/uploads\/2018\/04\/IMG_2931-768x533.jpg 768w, https:\/\/thehub-berlin.org\/wp-content\/uploads\/2018\/04\/IMG_2931-720x500.jpg 720w, https:\/\/thehub-berlin.org\/wp-content\/uploads\/2018\/04\/IMG_2931-624x433.jpg 624w\" sizes=\"(max-width: 3338px) 100vw, 3338px\" \/>\t\t\t\t\t<\/a>\n\t\t\t<\/div>\n<\/div>\n<div class=\"qodef-e qodef-image-wrapper qodef-grid-item\">\n\t<div class=\"qodef-e-inner\">\n\t\t\t\t\t<a class=\"qodef-popup-item\" itemprop=\"image\" href=\"https:\/\/thehub-berlin.org\/wp-content\/uploads\/2018\/04\/IMG_2887-e1523218320390.jpg\" data-type=\"image\" data-fslightbox=\"gallery-688\">\n\t\t\t\t\t<img width=\"500\" height=\"375\" src=\"https:\/\/thehub-berlin.org\/wp-content\/uploads\/2018\/04\/IMG_2887-e1523218320390.jpg\" class=\"attachment-full size-full\" alt=\"\" loading=\"lazy\" \/>\t\t\t\t\t<\/a>\n\t\t\t<\/div>\n<\/div>\n<div class=\"qodef-e qodef-image-wrapper qodef-grid-item\">\n\t<div class=\"qodef-e-inner\">\n\t\t\t\t\t<a class=\"qodef-popup-item\" itemprop=\"image\" href=\"https:\/\/thehub-berlin.org\/wp-content\/uploads\/2018\/04\/IMG_2870.jpg\" data-type=\"image\" data-fslightbox=\"gallery-688\">\n\t\t\t\t\t<img width=\"926\" height=\"926\" src=\"https:\/\/thehub-berlin.org\/wp-content\/uploads\/2018\/04\/IMG_2870.jpg\" class=\"attachment-full size-full\" alt=\"\" loading=\"lazy\" srcset=\"https:\/\/thehub-berlin.org\/wp-content\/uploads\/2018\/04\/IMG_2870.jpg 926w, https:\/\/thehub-berlin.org\/wp-content\/uploads\/2018\/04\/IMG_2870-150x150.jpg 150w, https:\/\/thehub-berlin.org\/wp-content\/uploads\/2018\/04\/IMG_2870-300x300.jpg 300w, https:\/\/thehub-berlin.org\/wp-content\/uploads\/2018\/04\/IMG_2870-768x768.jpg 768w, https:\/\/thehub-berlin.org\/wp-content\/uploads\/2018\/04\/IMG_2870-720x720.jpg 720w, https:\/\/thehub-berlin.org\/wp-content\/uploads\/2018\/04\/IMG_2870-624x624.jpg 624w\" sizes=\"(max-width: 926px) 100vw, 926px\" \/>\t\t\t\t\t<\/a>\n\t\t\t<\/div>\n<\/div>\n<div class=\"qodef-e qodef-image-wrapper qodef-grid-item\">\n\t<div class=\"qodef-e-inner\">\n\t\t\t\t\t<a class=\"qodef-popup-item\" itemprop=\"image\" href=\"https:\/\/thehub-berlin.org\/wp-content\/uploads\/2018\/04\/IMG_2855-e1523218282455.jpg\" data-type=\"image\" data-fslightbox=\"gallery-688\">\n\t\t\t\t\t<img width=\"500\" height=\"375\" src=\"https:\/\/thehub-berlin.org\/wp-content\/uploads\/2018\/04\/IMG_2855-e1523218282455.jpg\" class=\"attachment-full size-full\" alt=\"\" loading=\"lazy\" \/>\t\t\t\t\t<\/a>\n\t\t\t<\/div>\n<\/div>\n<div class=\"qodef-e qodef-image-wrapper qodef-grid-item\">\n\t<div class=\"qodef-e-inner\">\n\t\t\t\t\t<a class=\"qodef-popup-item\" itemprop=\"image\" href=\"https:\/\/thehub-berlin.org\/wp-content\/uploads\/2018\/04\/IMG_2854-e1523218260135.jpg\" data-type=\"image\" data-fslightbox=\"gallery-688\">\n\t\t\t\t\t<img width=\"500\" height=\"375\" src=\"https:\/\/thehub-berlin.org\/wp-content\/uploads\/2018\/04\/IMG_2854-e1523218260135.jpg\" class=\"attachment-full size-full\" alt=\"\" loading=\"lazy\" \/>\t\t\t\t\t<\/a>\n\t\t\t<\/div>\n<\/div>\n<div class=\"qodef-e qodef-image-wrapper qodef-grid-item\">\n\t<div class=\"qodef-e-inner\">\n\t\t\t\t\t<a class=\"qodef-popup-item\" itemprop=\"image\" href=\"https:\/\/thehub-berlin.org\/wp-content\/uploads\/2018\/04\/130_AnnCharlotte-1200x800-e1523218342987.jpg\" data-type=\"image\" data-fslightbox=\"gallery-688\">\n\t\t\t\t\t<img width=\"500\" height=\"333\" src=\"https:\/\/thehub-berlin.org\/wp-content\/uploads\/2018\/04\/130_AnnCharlotte-1200x800-e1523218342987.jpg\" class=\"attachment-full size-full\" alt=\"\" loading=\"lazy\" \/>\t\t\t\t\t<\/a>\n\t\t\t<\/div>\n<\/div>\n<div class=\"qodef-e qodef-image-wrapper qodef-grid-item\">\n\t<div class=\"qodef-e-inner\">\n\t\t\t\t\t<a class=\"qodef-popup-item\" itemprop=\"image\" href=\"https:\/\/thehub-berlin.org\/wp-content\/uploads\/2018\/04\/DSC_0155.jpg\" data-type=\"image\" data-fslightbox=\"gallery-688\">\n\t\t\t\t\t<img width=\"4928\" height=\"3264\" src=\"https:\/\/thehub-berlin.org\/wp-content\/uploads\/2018\/04\/DSC_0155.jpg\" class=\"attachment-full size-full\" alt=\"\" loading=\"lazy\" srcset=\"https:\/\/thehub-berlin.org\/wp-content\/uploads\/2018\/04\/DSC_0155.jpg 4928w, https:\/\/thehub-berlin.org\/wp-content\/uploads\/2018\/04\/DSC_0155-300x199.jpg 300w, https:\/\/thehub-berlin.org\/wp-content\/uploads\/2018\/04\/DSC_0155-768x509.jpg 768w, https:\/\/thehub-berlin.org\/wp-content\/uploads\/2018\/04\/DSC_0155-720x477.jpg 720w, https:\/\/thehub-berlin.org\/wp-content\/uploads\/2018\/04\/DSC_0155-624x413.jpg 624w\" sizes=\"(max-width: 4928px) 100vw, 4928px\" \/>\t\t\t\t\t<\/a>\n\t\t\t<\/div>\n<\/div>\n<div class=\"qodef-e qodef-image-wrapper qodef-grid-item\">\n\t<div class=\"qodef-e-inner\">\n\t\t\t\t\t<a class=\"qodef-popup-item\" itemprop=\"image\" href=\"https:\/\/thehub-berlin.org\/wp-content\/uploads\/2018\/04\/DSC_0384-Kopie.jpg\" data-type=\"image\" data-fslightbox=\"gallery-688\">\n\t\t\t\t\t<img width=\"2000\" height=\"1289\" src=\"https:\/\/thehub-berlin.org\/wp-content\/uploads\/2018\/04\/DSC_0384-Kopie.jpg\" class=\"attachment-full size-full\" alt=\"\" loading=\"lazy\" srcset=\"https:\/\/thehub-berlin.org\/wp-content\/uploads\/2018\/04\/DSC_0384-Kopie.jpg 2000w, https:\/\/thehub-berlin.org\/wp-content\/uploads\/2018\/04\/DSC_0384-Kopie-300x193.jpg 300w, https:\/\/thehub-berlin.org\/wp-content\/uploads\/2018\/04\/DSC_0384-Kopie-768x495.jpg 768w, https:\/\/thehub-berlin.org\/wp-content\/uploads\/2018\/04\/DSC_0384-Kopie-720x464.jpg 720w, https:\/\/thehub-berlin.org\/wp-content\/uploads\/2018\/04\/DSC_0384-Kopie-624x402.jpg 624w\" sizes=\"(max-width: 2000px) 100vw, 2000px\" \/>\t\t\t\t\t<\/a>\n\t\t\t<\/div>\n<\/div>\n\t<\/div>\n<\/div>\n\t\t<\/div>\n\t\t\t\t<\/div>\n\t\t\t\t\t<\/div>\n\t\t<\/div>\n\t\t\t\t\t\t\t<\/div>\n\t\t<\/section>\n\t\t\t\t\t\t<\/div>\n\t\t\t\t\t<\/div>\n\t\t","protected":false},"excerpt":{"rendered":"<p>HECKE war ein Ausstellungsprojekt der Kunsthochschule Weissensee und der Humboldt-Universit\u00e4t zu Berlin. Im Rahmen einer achtmonatigen Zusammenarbeit der K\u00fcnstler*innen der Malereiklasse unter Leitung von Prof. Pia Linz und Hanna Hennenkemper und der Kuratorinnen Mette Kleinsteuber, Luise M\u00f6rke und Elisabeth Stumpf entstand dabei eine Ausstellung, die&#8230;<\/p>\n","protected":false},"parent":0,"menu_order":0,"template":"","meta":[],"_links":{"self":[{"href":"https:\/\/thehub-berlin.org\/de\/wp-json\/wp\/v2\/project\/3086"}],"collection":[{"href":"https:\/\/thehub-berlin.org\/de\/wp-json\/wp\/v2\/project"}],"about":[{"href":"https:\/\/thehub-berlin.org\/de\/wp-json\/wp\/v2\/types\/project"}],"version-history":[{"count":5,"href":"https:\/\/thehub-berlin.org\/de\/wp-json\/wp\/v2\/project\/3086\/revisions"}],"predecessor-version":[{"id":3261,"href":"https:\/\/thehub-berlin.org\/de\/wp-json\/wp\/v2\/project\/3086\/revisions\/3261"}],"wp:attachment":[{"href":"https:\/\/thehub-berlin.org\/de\/wp-json\/wp\/v2\/media?parent=3086"}],"curies":[{"name":"wp","href":"https:\/\/api.w.org\/{rel}","templated":true}]}}